{"id":14,"date":"2021-07-26T18:22:46","date_gmt":"2021-07-26T16:22:46","guid":{"rendered":"https:\/\/www.synergieasbl.net\/nouveau\/?page_id=14"},"modified":"2026-03-09T15:54:28","modified_gmt":"2026-03-09T14:54:28","slug":"formations","status":"publish","type":"page","link":"https:\/\/www.synergieasbl.net\/nouveau\/formations\/","title":{"rendered":"Formations"},"content":{"rendered":"\n<p><\/p>\n\n\n\n<h2 class=\"wp-block-heading has-text-align-center\" id=\"programmees\">Nos formations programm\u00e9es<\/h2>\n\n\n\n<p class=\"has-white-color has-text-color has-link-color wp-elements-859ebe5ed638e8abf7aaf4c97105bd09\">&#8211;<\/p>\n\n\n\n<div class=\"wp-block-media-text alignwide is-stacked-on-mobile has-border-color has-palette-color-8-background-color has-background\" style=\"border-color:#f0c85b6e;border-top-left-radius:29px;border-top-right-radius:29px;border-bottom-left-radius:29px;border-bottom-right-radius:29px;margin-right:0;margin-left:0;padding-top:0;padding-bottom:0;grid-template-columns:27% auto\"><figure class=\"wp-block-media-text__media\"><img loading=\"lazy\" decoding=\"async\" width=\"300\" height=\"300\" src=\"https:\/\/www.synergieasbl.net\/nouveau\/wp-content\/uploads\/2025\/11\/Fugue-300-x-300-px.png\" alt=\"\" class=\"wp-image-2401 size-full\" srcset=\"https:\/\/www.synergieasbl.net\/nouveau\/wp-content\/uploads\/2025\/11\/Fugue-300-x-300-px.png 300w, https:\/\/www.synergieasbl.net\/nouveau\/wp-content\/uploads\/2025\/11\/Fugue-300-x-300-px-150x150.png 150w\" sizes=\"auto, (max-width: 300px) 100vw, 300px\" \/><\/figure><div class=\"wp-block-media-text__content\">\n<p>2 journ\u00e9es, de 9h30 \u00e0 16h30 :<br>Les mardis 11\/02 et 16\/02\/2027<br><br>\u00c0 Bruxelles<br>Prix : 70 \u20ac<\/p>\n\n\n\n<div class=\"wp-block-buttons is-layout-flex wp-block-buttons-is-layout-flex\">\n<div class=\"wp-block-button\"><a class=\"wp-block-button__link wp-element-button\" href=\"\/nouveau\/formation-quand-fuguer-permet-de-mieux-rester-un-levier-pour-le-travail-educatif\/\" style=\"border-top-left-radius:9px;border-top-right-radius:9px;border-bottom-left-radius:9px;border-bottom-right-radius:9px\" target=\"_blank\" rel=\"noreferrer noopener\">Plus d&rsquo;information<\/a><\/div>\n<\/div>\n<\/div><\/div>\n\n\n\n<div class=\"wp-block-media-text alignwide is-stacked-on-mobile has-border-color has-palette-color-7-background-color has-background\" style=\"border-color:#ddecd7;border-top-left-radius:29px;border-top-right-radius:29px;border-bottom-left-radius:29px;border-bottom-right-radius:29px;grid-template-columns:27% auto\"><figure class=\"wp-block-media-text__media\"><img loading=\"lazy\" decoding=\"async\" width=\"300\" height=\"300\" src=\"https:\/\/www.synergieasbl.net\/nouveau\/wp-content\/uploads\/2024\/06\/vignettes-suite.jpg\" alt=\"\" class=\"wp-image-1960 size-full\" srcset=\"https:\/\/www.synergieasbl.net\/nouveau\/wp-content\/uploads\/2024\/06\/vignettes-suite.jpg 300w, https:\/\/www.synergieasbl.net\/nouveau\/wp-content\/uploads\/2024\/06\/vignettes-suite-150x150.jpg 150w\" sizes=\"auto, (max-width: 300px) 100vw, 300px\" \/><\/figure><div class=\"wp-block-media-text__content\">\n<div class=\"wp-block-columns is-layout-flex wp-container-core-columns-is-layout-28f84493 wp-block-columns-is-layout-flex\">\n<div class=\"wp-block-column is-layout-flow wp-block-column-is-layout-flow\">\n<p>8 matin\u00e9es, de 9h30 \u00e0 12h30 :<br>dates \u00e0 suivre<br><br>\u00c0 Bruxelles<br>Prix : 150 \u20ac<\/p>\n<\/div>\n<\/div>\n\n\n\n<div class=\"wp-block-buttons is-layout-flex wp-block-buttons-is-layout-flex\">\n<div class=\"wp-block-button\"><a class=\"wp-block-button__link wp-element-button\" href=\"\/nouveau\/formation-intervision-directeurs-en-presentiel\/\" style=\"border-top-left-radius:9px;border-top-right-radius:9px;border-bottom-left-radius:9px;border-bottom-right-radius:9px\" target=\"_blank\" rel=\"noreferrer noopener\">Plus d&rsquo;information<\/a><\/div>\n<\/div>\n<\/div><\/div>\n\n\n\n<div class=\"wp-block-media-text alignwide is-stacked-on-mobile has-border-color has-palette-color-7-background-color has-background\" style=\"border-color:#fcb90069;border-top-left-radius:29px;border-top-right-radius:29px;border-bottom-left-radius:29px;border-bottom-right-radius:29px;grid-template-columns:27% auto\"><figure class=\"wp-block-media-text__media\"><img loading=\"lazy\" decoding=\"async\" width=\"300\" height=\"300\" src=\"https:\/\/www.synergieasbl.net\/nouveau\/wp-content\/uploads\/2024\/06\/vignettes.jpg\" alt=\"\" class=\"wp-image-1893 size-full\" srcset=\"https:\/\/www.synergieasbl.net\/nouveau\/wp-content\/uploads\/2024\/06\/vignettes.jpg 300w, https:\/\/www.synergieasbl.net\/nouveau\/wp-content\/uploads\/2024\/06\/vignettes-150x150.jpg 150w\" sizes=\"auto, (max-width: 300px) 100vw, 300px\" \/><\/figure><div class=\"wp-block-media-text__content\">\n<div class=\"wp-block-columns is-layout-flex wp-container-core-columns-is-layout-28f84493 wp-block-columns-is-layout-flex\">\n<div class=\"wp-block-column is-layout-flow wp-block-column-is-layout-flow\">\n<p>8 matin\u00e9es, de 9h30 \u00e0 12h30 :<br>dates \u00e0 suivre<br><br>\u00c0 Namur<br>Prix : 150 \u20ac<\/p>\n<\/div>\n<\/div>\n\n\n\n<div class=\"wp-block-buttons is-layout-flex wp-block-buttons-is-layout-flex\">\n<div class=\"wp-block-button\"><a class=\"wp-block-button__link wp-element-button\" href=\"\/nouveau\/formation-intervision-pour-les-coordinateurs-et-coordinatrices\/\" style=\"border-top-left-radius:9px;border-top-right-radius:9px;border-bottom-left-radius:9px;border-bottom-right-radius:9px\" target=\"_blank\" rel=\"noreferrer noopener\">Plus d&rsquo;information<\/a><\/div>\n<\/div>\n<\/div><\/div>\n\n\n\n<p><\/p>\n\n\n\n<h2 class=\"wp-block-heading has-text-align-center\" id=\"demande\">Formations \u00e0 la demande<\/h2>\n\n\n\n<div class=\"wp-block-columns is-layout-flex wp-container-core-columns-is-layout-28f84493 wp-block-columns-is-layout-flex\">\n<div class=\"wp-block-column is-layout-flow wp-block-column-is-layout-flow\">\n<figure class=\"wp-block-image size-full\"><img loading=\"lazy\" decoding=\"async\" width=\"300\" height=\"300\" src=\"https:\/\/www.synergieasbl.net\/nouveau\/wp-content\/uploads\/2025\/11\/Parler-sexualite.png\" alt=\"\" class=\"wp-image-2360\" srcset=\"https:\/\/www.synergieasbl.net\/nouveau\/wp-content\/uploads\/2025\/11\/Parler-sexualite.png 300w, https:\/\/www.synergieasbl.net\/nouveau\/wp-content\/uploads\/2025\/11\/Parler-sexualite-150x150.png 150w\" sizes=\"auto, (max-width: 300px) 100vw, 300px\" \/><figcaption class=\"wp-element-caption\"><a href=\"\/nouveau\/formation-parler-de-sexualite-en-institution\/\" target=\"_blank\" rel=\"noreferrer noopener\">Plus d&rsquo;information<\/a><\/figcaption><\/figure>\n<\/div>\n\n\n\n<div class=\"wp-block-column is-layout-flow wp-block-column-is-layout-flow\">\n<figure class=\"wp-block-image size-full\"><img loading=\"lazy\" decoding=\"async\" width=\"300\" height=\"300\" src=\"https:\/\/www.synergieasbl.net\/nouveau\/wp-content\/uploads\/2025\/11\/La-deontologie-3.png\" alt=\"\" class=\"wp-image-2352\" srcset=\"https:\/\/www.synergieasbl.net\/nouveau\/wp-content\/uploads\/2025\/11\/La-deontologie-3.png 300w, https:\/\/www.synergieasbl.net\/nouveau\/wp-content\/uploads\/2025\/11\/La-deontologie-3-150x150.png 150w\" sizes=\"auto, (max-width: 300px) 100vw, 300px\" \/><figcaption class=\"wp-element-caption\"><a href=\"\/nouveau\/formation-la-deontologie-un-soutien-pour-laccompagnement-des-jeunes-et-des-familles\/\" target=\"_blank\" rel=\"noreferrer noopener\">Plus d&rsquo;information<\/a><\/figcaption><\/figure>\n<\/div>\n\n\n\n<div class=\"wp-block-column is-layout-flow wp-block-column-is-layout-flow\">\n<figure class=\"wp-block-image size-full\"><img loading=\"lazy\" decoding=\"async\" width=\"300\" height=\"300\" src=\"https:\/\/www.synergieasbl.net\/nouveau\/wp-content\/uploads\/2025\/11\/PEI.png\" alt=\"\" class=\"wp-image-2361\" srcset=\"https:\/\/www.synergieasbl.net\/nouveau\/wp-content\/uploads\/2025\/11\/PEI.png 300w, https:\/\/www.synergieasbl.net\/nouveau\/wp-content\/uploads\/2025\/11\/PEI-150x150.png 150w\" sizes=\"auto, (max-width: 300px) 100vw, 300px\" \/><figcaption class=\"wp-element-caption\"><a href=\"\/nouveau\/formation-pei-rapports-gratter-du-papier-ou-dessiner-une-trajectoire\/\" target=\"_blank\" rel=\"noreferrer noopener\">Plus d&rsquo;information<\/a><\/figcaption><\/figure>\n<\/div>\n<\/div>\n\n\n\n<div class=\"wp-block-columns is-layout-flex wp-container-core-columns-is-layout-28f84493 wp-block-columns-is-layout-flex\">\n<div class=\"wp-block-column is-layout-flow wp-block-column-is-layout-flow\">\n<figure class=\"wp-block-image size-full\"><img loading=\"lazy\" decoding=\"async\" width=\"300\" height=\"300\" src=\"https:\/\/www.synergieasbl.net\/nouveau\/wp-content\/uploads\/2025\/11\/Rapport.png\" alt=\"\" class=\"wp-image-2362\" srcset=\"https:\/\/www.synergieasbl.net\/nouveau\/wp-content\/uploads\/2025\/11\/Rapport.png 300w, https:\/\/www.synergieasbl.net\/nouveau\/wp-content\/uploads\/2025\/11\/Rapport-150x150.png 150w\" sizes=\"auto, (max-width: 300px) 100vw, 300px\" \/><figcaption class=\"wp-element-caption\"><a href=\"\/nouveau\/formation-et-si-on-parlait-rapport\/\" target=\"_blank\" rel=\"noreferrer noopener\">Plus d&rsquo;information<\/a><\/figcaption><\/figure>\n<\/div>\n\n\n\n<div class=\"wp-block-column is-layout-flow wp-block-column-is-layout-flow\">\n<figure class=\"wp-block-image size-full\"><img loading=\"lazy\" decoding=\"async\" width=\"300\" height=\"300\" src=\"https:\/\/www.synergieasbl.net\/nouveau\/wp-content\/uploads\/2025\/11\/Faire-equipe-3.png\" alt=\"\" class=\"wp-image-2355\" srcset=\"https:\/\/www.synergieasbl.net\/nouveau\/wp-content\/uploads\/2025\/11\/Faire-equipe-3.png 300w, https:\/\/www.synergieasbl.net\/nouveau\/wp-content\/uploads\/2025\/11\/Faire-equipe-3-150x150.png 150w\" sizes=\"auto, (max-width: 300px) 100vw, 300px\" \/><figcaption class=\"wp-element-caption\"><a href=\"\/nouveau\/formation-faire-equipe-ou-larticulation-du-singulier-et-du-collectif\/\" target=\"_blank\" rel=\"noreferrer noopener\">Plus d&rsquo;information<\/a><\/figcaption><\/figure>\n<\/div>\n\n\n\n<div class=\"wp-block-column is-layout-flow wp-block-column-is-layout-flow\">\n<figure class=\"wp-block-image size-full\"><img loading=\"lazy\" decoding=\"async\" width=\"300\" height=\"300\" src=\"https:\/\/www.synergieasbl.net\/nouveau\/wp-content\/uploads\/2025\/11\/Rituels.png\" alt=\"\" class=\"wp-image-2368\" srcset=\"https:\/\/www.synergieasbl.net\/nouveau\/wp-content\/uploads\/2025\/11\/Rituels.png 300w, https:\/\/www.synergieasbl.net\/nouveau\/wp-content\/uploads\/2025\/11\/Rituels-150x150.png 150w\" sizes=\"auto, (max-width: 300px) 100vw, 300px\" \/><figcaption class=\"wp-element-caption\"><a href=\"\/nouveau\/formation-ritualiser-les-moments-importants-en-institution-residentielle\/\" target=\"_blank\" rel=\"noreferrer noopener\">Plus d&rsquo;information<\/a><\/figcaption><\/figure>\n<\/div>\n<\/div>\n\n\n\n<div class=\"wp-block-columns is-layout-flex wp-container-core-columns-is-layout-28f84493 wp-block-columns-is-layout-flex\">\n<div class=\"wp-block-column is-layout-flow wp-block-column-is-layout-flow\">\n<figure class=\"wp-block-image size-full\"><img loading=\"lazy\" decoding=\"async\" width=\"300\" height=\"300\" src=\"https:\/\/www.synergieasbl.net\/nouveau\/wp-content\/uploads\/2025\/11\/Systemique-3.png\" alt=\"\" class=\"wp-image-2353\" srcset=\"https:\/\/www.synergieasbl.net\/nouveau\/wp-content\/uploads\/2025\/11\/Systemique-3.png 300w, https:\/\/www.synergieasbl.net\/nouveau\/wp-content\/uploads\/2025\/11\/Systemique-3-150x150.png 150w\" sizes=\"auto, (max-width: 300px) 100vw, 300px\" \/><figcaption class=\"wp-element-caption\"><a href=\"\/nouveau\/formation-la-systemique-au-coeur-des-equipes\/\" target=\"_blank\" rel=\"noreferrer noopener\">Plus d&rsquo;information<\/a><\/figcaption><\/figure>\n<\/div>\n\n\n\n<div class=\"wp-block-column is-layout-flow wp-block-column-is-layout-flow\">\n<div class=\"wp-block-columns is-layout-flex wp-container-core-columns-is-layout-28f84493 wp-block-columns-is-layout-flex\">\n<div class=\"wp-block-column is-layout-flow wp-block-column-is-layout-flow\"><\/div>\n<\/div>\n<\/div>\n\n\n\n<div class=\"wp-block-column is-layout-flow wp-block-column-is-layout-flow\"><\/div>\n<\/div>\n\n\n\n<p><br><\/p>\n\n\n\n<h2 class=\"wp-block-heading has-text-align-center\" id=\"planglobal\">Plan Global<\/h2>\n\n\n\n<p><\/p>\n\n\n\n<p>Depuis octobre 2007, les cinq services de formation agr\u00e9\u00e9s dans le cadre de l&rsquo;Article 145 du Du Code de la pr\u00e9vention de l&rsquo;aide \u00e0 la jeunesse et de la protection de la jeunesse : Atouts, Ceform, Septs J (aujourd&rsquo;hui Impulsion), Synergie et RTA, se sont rassembl\u00e9s dans la F\u00e9d\u00e9ration des Services de Formation (FSF). <\/p>\n\n\n\n<p>Au-del\u00e0 de la d\u00e9fense l\u00e9gitime de l&rsquo;int\u00e9r\u00eat de ses membres aupr\u00e8s des diff\u00e9rentes instances de d\u00e9cision et lieux de concertation, la F\u00e9d\u00e9ration promeut la qualit\u00e9 de la formation au sein des services de l&rsquo;Aide \u00e0 la Jeunesse telle que d\u00e9finie dans le document \u00ab\u00a0Politique de formation au sein du secteur de l&rsquo;aide \u00e0 la jeunesse\u00a0\u00bb.<\/p>\n\n\n\n<p>La F\u00e9d\u00e9ration des Services de Formation apporte \u00e9galement son expertise sp\u00e9cifique dans la mise en \u0153uvre des politiques relatives \u00e0 l&rsquo;Aide \u00e0 la Jeunesse en Communaut\u00e9 fran\u00e7aise.<\/p>\n\n\n\n<p>A l&rsquo;initiative de la Ministre de l&rsquo;Aide \u00e0 la Jeunesse, les services agr\u00e9\u00e9s de ce secteur disposent depuis 2008 d&rsquo;un Plan Global de Formation. Ce plan a \u00e9t\u00e9 reconduit en 2009 pour une dur\u00e9e ind\u00e9termin\u00e9e et a \u00e9volu\u00e9 au fil des ann\u00e9es.<\/p>\n\n\n\n<p>L\u2019organisation du plan global de formation est une des missions confi\u00e9es par le l\u00e9gislateur aux services agr\u00e9\u00e9s de formation via l\u2019Arr\u00eat\u00e9 du Gouvernement de la Communaut\u00e9 fran\u00e7aise fixant les conditions d&rsquo;agr\u00e9ment et d&rsquo;octroi des subventions pour les services de formation et de perfectionnement vis\u00e9s \u00e0 l&rsquo;article 145 du d\u00e9cret du 18 janvier 2018 portant le code de la pr\u00e9vention, de l&rsquo;aide \u00e0 la jeunesse et de la protection de la jeunesse, art. 2, 2\u00b0 et art.3.<\/p>\n\n\n\n<p><strong>Quel est l\u2019objectif du plan global de formation&nbsp;?<\/strong><\/p>\n\n\n\n<p>1\u00b0 \u00e0 titre principal, de concevoir et d&rsquo;organiser la mise en \u0153uvre des modules de formation destin\u00e9s prioritairement aux nouveaux membres du personnel et aux nouveaux directeurs et directrices ;<\/p>\n\n\n\n<p>2\u00b0 \u00e0 titre accessoire, d&rsquo;offrir au personnel vis\u00e9 \u00e0 l&rsquo;article 145 du d\u00e9cret une information ou une formation en cas de changement l\u00e9gislatif ou r\u00e9glementaire important ou lorsque des difficult\u00e9s d&rsquo;application d&rsquo;une nouvelle l\u00e9gislation ou d&rsquo;une nouvelle r\u00e9glementation sont constat\u00e9es.<\/p>\n\n\n\n<p>Ces modules de formation sont destin\u00e9s&nbsp;\u00e0 permettre aux nouveaux membres du personnel et aux nouveaux directeurs et directrices de&nbsp;:<\/p>\n\n\n\n<ol class=\"wp-block-list\">\n<li>s&rsquo;int\u00e9grer pleinement dans la philosophie et les orientations du secteur ;<\/li>\n\n\n\n<li>comprendre le cadre juridique, organisationnel et d\u00e9ontologique du secteur et y situer leur pratique ;<\/li>\n\n\n\n<li>affiner leurs comp\u00e9tences sp\u00e9cifiques au secteur pour mener \u00e0 bien les missions li\u00e9es \u00e0 leur nouvelle fonction.<\/li>\n<\/ol>\n\n\n\n<p><strong>Diff\u00e9rents dispositifs distincts sont organis\u00e9s dans le cadre du Plan Global :<\/strong><\/p>\n\n\n\n<p><strong>1. les formations de base obligatoires pour tout nouveau travailleur ou travailleuse &#8211;&nbsp;<\/strong><a href=\"https:\/\/ajformation.be\/dispositif\/nouveaux-travailleurs\/\">lien vers la page<\/a><\/p>\n\n\n\n<p><strong>2. le dispositif de formation obligatoire pour les nouveaux directeurs et directrices de services agr\u00e9\u00e9s &#8211;&nbsp;<\/strong><a href=\"https:\/\/ajformation.be\/dispositif\/nouveaux-directeurs\/\">lien vers la page<\/a><br>&nbsp;<\/p>\n\n\n\n<p>Le contenu de ces formations et inscriptions uniquement via le site&nbsp;<a href=\"https:\/\/ajformation.be\/\" target=\"_blank\" rel=\"noreferrer noopener\">www.ajformation.be<\/a>. <\/p>\n\n\n\n<p class=\"has-palette-color-8-color has-text-color\">blanc<\/p>\n","protected":false},"excerpt":{"rendered":"<p>Nos formations programm\u00e9es &#8211; Formations \u00e0 la demande Plan Global Depuis octobre 2007, les cinq services de formation agr\u00e9\u00e9s dans le cadre de l&rsquo;Article 145 du Du Code de la pr\u00e9vention de l&rsquo;aide \u00e0 la jeunesse et de la protection de la jeunesse : Atouts, Ceform, Septs J (aujourd&rsquo;hui Impulsion), Synergie et RTA, se sont [&hellip;]<\/p>\n","protected":false},"author":1,"featured_media":0,"parent":0,"menu_order":0,"comment_status":"closed","ping_status":"closed","template":"","meta":{"footnotes":""},"class_list":["post-14","page","type-page","status-publish","hentry"],"blocksy_meta":{"styles_descriptor":{"styles":{"desktop":"","tablet":"","mobile":""},"google_fonts":[],"version":6}},"_links":{"self":[{"href":"https:\/\/www.synergieasbl.net\/nouveau\/wp-json\/wp\/v2\/pages\/14","targetHints":{"allow":["GET"]}}],"collection":[{"href":"https:\/\/www.synergieasbl.net\/nouveau\/wp-json\/wp\/v2\/pages"}],"about":[{"href":"https:\/\/www.synergieasbl.net\/nouveau\/wp-json\/wp\/v2\/types\/page"}],"author":[{"embeddable":true,"href":"https:\/\/www.synergieasbl.net\/nouveau\/wp-json\/wp\/v2\/users\/1"}],"replies":[{"embeddable":true,"href":"https:\/\/www.synergieasbl.net\/nouveau\/wp-json\/wp\/v2\/comments?post=14"}],"version-history":[{"count":344,"href":"https:\/\/www.synergieasbl.net\/nouveau\/wp-json\/wp\/v2\/pages\/14\/revisions"}],"predecessor-version":[{"id":2464,"href":"https:\/\/www.synergieasbl.net\/nouveau\/wp-json\/wp\/v2\/pages\/14\/revisions\/2464"}],"wp:attachment":[{"href":"https:\/\/www.synergieasbl.net\/nouveau\/wp-json\/wp\/v2\/media?parent=14"}],"curies":[{"name":"wp","href":"https:\/\/api.w.org\/{rel}","templated":true}]}}