{"id":534,"date":"2021-09-28T16:34:14","date_gmt":"2021-09-28T14:34:14","guid":{"rendered":"https:\/\/www.synergieasbl.net\/nouveau\/?page_id=534"},"modified":"2025-11-14T12:59:09","modified_gmt":"2025-11-14T11:59:09","slug":"formation-faire-equipe-ou-larticulation-du-singulier-et-du-collectif","status":"publish","type":"page","link":"https:\/\/www.synergieasbl.net\/nouveau\/formation-faire-equipe-ou-larticulation-du-singulier-et-du-collectif\/","title":{"rendered":"FORMATION &#8211; Faire \u00e9quipe ou l\u2019articulation du singulier et du collectif"},"content":{"rendered":"\n<div class=\"wp-block-media-text alignwide is-stacked-on-mobile\" style=\"grid-template-columns:21% auto\"><figure class=\"wp-block-media-text__media\"><img loading=\"lazy\" decoding=\"async\" width=\"300\" height=\"300\" src=\"https:\/\/www.synergieasbl.net\/nouveau\/wp-content\/uploads\/2025\/11\/Faire-equipe-3.png\" alt=\"\" class=\"wp-image-2355 size-full\" srcset=\"https:\/\/www.synergieasbl.net\/nouveau\/wp-content\/uploads\/2025\/11\/Faire-equipe-3.png 300w, https:\/\/www.synergieasbl.net\/nouveau\/wp-content\/uploads\/2025\/11\/Faire-equipe-3-150x150.png 150w\" sizes=\"auto, (max-width: 300px) 100vw, 300px\" \/><\/figure><div class=\"wp-block-media-text__content\">\n<h4 class=\"wp-block-heading has-text-align-left\">Faire \u00e9quipe ou l\u2019articulation du singulier et du collectif<\/h4>\n\n\n\n<p>2 jours sur site<br>Une analyse de demande sera r\u00e9alis\u00e9e pr\u00e9alablement.<br>Contact : info@synergieasbl.net<\/p>\n<\/div><\/div>\n\n\n\n<div class=\"wp-block-columns is-layout-flex wp-container-core-columns-is-layout-28f84493 wp-block-columns-is-layout-flex\">\n<div class=\"wp-block-column is-layout-flow wp-block-column-is-layout-flow\">\n<p>La notion d\u2019\u00e9quipe renvoie \u00e0 une organisation collective omnipr\u00e9sente dans le travail social. L\u2019\u00e9quipe est un organisme complexe et vivant qui confronte tout \u00e0 la fois au soi, aux autres et \u00e0 la dimension institutionnelle. Au-del\u00e0 des aspects fonctionnels du travail, le <em>faire \u00e9quipe<\/em> allie coh\u00e9rence (le vouloir ensemble) et coh\u00e9sion (le vivre ensemble) pour figurer un assemblage coop\u00e9ratif dot\u00e9 d\u2019une identit\u00e9 singuli\u00e8re et d\u2019une forme de solidarit\u00e9. Le <em>faire \u00e9quipe<\/em>, pour exister et se d\u00e9velopper, n\u00e9cessite donc l\u2019organisation de pratiques collaboratives dans lesquelles chacun peut prendre sa place et exp\u00e9rimenter l\u2019usage de la libert\u00e9 dans un cadre d\u00e9fini.<\/p>\n\n\n\n<p><strong>Objectifs et m\u00e9thode de travail&nbsp;:<\/strong><\/p>\n\n\n\n<p>L\u2019objet de ces deux journ\u00e9es est de vous proposer l\u2019exp\u00e9rimentation de \u00ab&nbsp;pratiques collaboratives&nbsp;\u00bb dans un cadre s\u00e9curis\u00e9, afin de vous amener \u00e0 renforcer l\u2019appropriation d\u2019un travail d\u2019\u00e9quipe alliant le soi et le nous. Le travail reposera sur des m\u00e9thodes actives, ainsi que d\u2019intelligence collective, tout en s\u2019inscrivant dans la r\u00e9alit\u00e9 de votre contexte institutionnel.<\/p>\n\n\n\n<p><\/p>\n<\/div>\n<\/div>\n\n\n\n<p class=\"has-palette-color-8-color has-text-color\">blanc<\/p>\n","protected":false},"excerpt":{"rendered":"<p>Faire \u00e9quipe ou l\u2019articulation du singulier et du collectif 2 jours sur siteUne analyse de demande sera r\u00e9alis\u00e9e pr\u00e9alablement.Contact : info@synergieasbl.net La notion d\u2019\u00e9quipe renvoie \u00e0 une organisation collective omnipr\u00e9sente dans le travail social. L\u2019\u00e9quipe est un organisme complexe et vivant qui confronte tout \u00e0 la fois au soi, aux autres et \u00e0 la dimension [&hellip;]<\/p>\n","protected":false},"author":1,"featured_media":0,"parent":0,"menu_order":0,"comment_status":"closed","ping_status":"closed","template":"","meta":{"footnotes":""},"class_list":["post-534","page","type-page","status-publish","hentry"],"blocksy_meta":{"styles_descriptor":{"styles":{"desktop":"","tablet":"","mobile":""},"google_fonts":[],"version":6}},"_links":{"self":[{"href":"https:\/\/www.synergieasbl.net\/nouveau\/wp-json\/wp\/v2\/pages\/534","targetHints":{"allow":["GET"]}}],"collection":[{"href":"https:\/\/www.synergieasbl.net\/nouveau\/wp-json\/wp\/v2\/pages"}],"about":[{"href":"https:\/\/www.synergieasbl.net\/nouveau\/wp-json\/wp\/v2\/types\/page"}],"author":[{"embeddable":true,"href":"https:\/\/www.synergieasbl.net\/nouveau\/wp-json\/wp\/v2\/users\/1"}],"replies":[{"embeddable":true,"href":"https:\/\/www.synergieasbl.net\/nouveau\/wp-json\/wp\/v2\/comments?post=534"}],"version-history":[{"count":19,"href":"https:\/\/www.synergieasbl.net\/nouveau\/wp-json\/wp\/v2\/pages\/534\/revisions"}],"predecessor-version":[{"id":2358,"href":"https:\/\/www.synergieasbl.net\/nouveau\/wp-json\/wp\/v2\/pages\/534\/revisions\/2358"}],"wp:attachment":[{"href":"https:\/\/www.synergieasbl.net\/nouveau\/wp-json\/wp\/v2\/media?parent=534"}],"curies":[{"name":"wp","href":"https:\/\/api.w.org\/{rel}","templated":true}]}}